{"id":10953,"date":"2025-03-05T09:04:34","date_gmt":"2025-03-05T08:04:34","guid":{"rendered":"https:\/\/nuovo.guidedflorencetours.com\/?page_id=10953"},"modified":"2025-03-05T14:17:36","modified_gmt":"2025-03-05T13:17:36","slug":"michelangelo-un-ritratto-un-viaggio-nel-cuore-dell-uomo-e-dell-artista","status":"publish","type":"page","link":"https:\/\/www.guidedflorencetours.com\/it\/tour-privati\/michelangelo-un-ritratto-un-viaggio-nel-cuore-dell-uomo-e-dell-artista\/","title":{"rendered":"Michelangelo: un ritratto Un viaggio nel cuore dell\u2019uomo e dell\u2019artista"},"content":{"rendered":"\t\t<div data-elementor-type=\"wp-post\" data-elementor-id=\"10953\" class=\"elementor elementor-10953\">\n\t\t\t\t<div class=\"elementor-element elementor-element-580195d e-con-full e-flex e-con e-parent\" data-id=\"580195d\" data-element_type=\"container\" data-settings=\"{&quot;background_background&quot;:&quot;classic&quot;}\">\n\t\t\t\t<div class=\"elementor-element elementor-element-a2a7711 elementor-widget elementor-widget-heading\" data-id=\"a2a7711\" data-element_type=\"widget\" data-widget_type=\"heading.default\">\n\t\t\t\t<div class=\"elementor-widget-container\">\n\t\t\t\t\t<h2 class=\"elementor-heading-title elementor-size-default\">Michelangelo: un ritratto<br>\nUn viaggio nel cuore dell\u2019uomo e dell\u2019artista<\/h2>\t\t\t\t<\/div>\n\t\t\t\t<\/div>\n\t\t\t\t<\/div>\n\t\t<div class=\"elementor-element elementor-element-043ca98 e-flex e-con-boxed e-con e-parent\" data-id=\"043ca98\" data-element_type=\"container\">\n\t\t\t\t\t<div class=\"e-con-inner\">\n\t\t<div class=\"elementor-element elementor-element-20c4c3d e-con-full e-flex e-con e-child\" data-id=\"20c4c3d\" data-element_type=\"container\">\n\t\t\t\t<div class=\"elementor-element elementor-element-d1e6298 elementor-view-default elementor-widget elementor-widget-icon\" data-id=\"d1e6298\" data-element_type=\"widget\" data-widget_type=\"icon.default\">\n\t\t\t\t<div class=\"elementor-widget-container\">\n\t\t\t\t\t\t\t<div class=\"elementor-icon-wrapper\">\n\t\t\t<div class=\"elementor-icon\">\n\t\t\t<i aria-hidden=\"true\" class=\"far fa-clock\"><\/i>\t\t\t<\/div>\n\t\t<\/div>\n\t\t\t\t\t\t<\/div>\n\t\t\t\t<\/div>\n\t\t\t\t<div class=\"elementor-element elementor-element-78d0139 elementor-widget elementor-widget-text-editor\" data-id=\"78d0139\" data-element_type=\"widget\" data-widget_type=\"text-editor.default\">\n\t\t\t\t<div class=\"elementor-widget-container\">\n\t\t\t\t\t\t\t\t\t<p>Durata 2:30 ore<\/p>\n\t\t\t\t\t\t\t\t<\/div>\n\t\t\t\t<\/div>\n\t\t\t\t<\/div>\n\t\t<div class=\"elementor-element elementor-element-e853911 e-con-full e-flex e-con e-child\" data-id=\"e853911\" data-element_type=\"container\">\n\t\t\t\t<div class=\"elementor-element elementor-element-ab6ffcb elementor-view-default elementor-widget elementor-widget-icon\" data-id=\"ab6ffcb\" data-element_type=\"widget\" data-widget_type=\"icon.default\">\n\t\t\t\t<div class=\"elementor-widget-container\">\n\t\t\t\t\t\t\t<div class=\"elementor-icon-wrapper\">\n\t\t\t<div class=\"elementor-icon\">\n\t\t\t<i aria-hidden=\"true\" class=\"fas fa-walking\"><\/i>\t\t\t<\/div>\n\t\t<\/div>\n\t\t\t\t\t\t<\/div>\n\t\t\t\t<\/div>\n\t\t\t\t<div class=\"elementor-element elementor-element-5824d03 elementor-widget elementor-widget-text-editor\" data-id=\"5824d03\" data-element_type=\"widget\" data-widget_type=\"text-editor.default\">\n\t\t\t\t<div class=\"elementor-widget-container\">\n\t\t\t\t\t\t\t\t\t<p>A piedi<\/p>\n\t\t\t\t\t\t\t\t<\/div>\n\t\t\t\t<\/div>\n\t\t\t\t<\/div>\n\t\t<div class=\"elementor-element elementor-element-f5ae907 e-con-full e-flex e-con e-child\" data-id=\"f5ae907\" data-element_type=\"container\">\n\t\t\t\t<div class=\"elementor-element elementor-element-a967586 elementor-widget elementor-widget-text-editor\" data-id=\"a967586\" data-element_type=\"widget\" data-widget_type=\"text-editor.default\">\n\t\t\t\t<div class=\"elementor-widget-container\">\n\t\t\t\t\t\t\t\t\t<p>Adatto ai disabili<\/p>\t\t\t\t\t\t\t\t<\/div>\n\t\t\t\t<\/div>\n\t\t\t\t<div class=\"elementor-element elementor-element-6802b76 elementor-view-default elementor-widget elementor-widget-icon\" data-id=\"6802b76\" data-element_type=\"widget\" data-widget_type=\"icon.default\">\n\t\t\t\t<div class=\"elementor-widget-container\">\n\t\t\t\t\t\t\t<div class=\"elementor-icon-wrapper\">\n\t\t\t<div class=\"elementor-icon\">\n\t\t\t<i aria-hidden=\"true\" class=\"fas fa-wheelchair\"><\/i>\t\t\t<\/div>\n\t\t<\/div>\n\t\t\t\t\t\t<\/div>\n\t\t\t\t<\/div>\n\t\t\t\t<\/div>\n\t\t<div class=\"elementor-element elementor-element-372feff e-con-full e-flex e-con e-child\" data-id=\"372feff\" data-element_type=\"container\">\n\t\t\t\t<div class=\"elementor-element elementor-element-48d7528 elementor-view-default elementor-widget elementor-widget-icon\" data-id=\"48d7528\" data-element_type=\"widget\" data-widget_type=\"icon.default\">\n\t\t\t\t<div class=\"elementor-widget-container\">\n\t\t\t\t\t\t\t<div class=\"elementor-icon-wrapper\">\n\t\t\t<div class=\"elementor-icon\">\n\t\t\t<i aria-hidden=\"true\" class=\"fas fa-ticket-alt\"><\/i>\t\t\t<\/div>\n\t\t<\/div>\n\t\t\t\t\t\t<\/div>\n\t\t\t\t<\/div>\n\t\t\t\t<div class=\"elementor-element elementor-element-1efdc8c elementor-widget elementor-widget-text-editor\" data-id=\"1efdc8c\" data-element_type=\"widget\" data-widget_type=\"text-editor.default\">\n\t\t\t\t<div class=\"elementor-widget-container\">\n\t\t\t\t\t\t\t\t\t<p>I biglietti sono extra, comprati da noi e <strong>NON<\/strong> sono RIMBORSABILI<\/p>\t\t\t\t\t\t\t\t<\/div>\n\t\t\t\t<\/div>\n\t\t\t\t<\/div>\n\t\t\t\t\t<\/div>\n\t\t\t\t<\/div>\n\t\t<div class=\"elementor-element elementor-element-76f05d3 e-con-full e-flex e-con e-parent\" data-id=\"76f05d3\" data-element_type=\"container\">\n\t\t<div class=\"elementor-element elementor-element-f3a61bb e-con-full e-flex e-con e-child\" data-id=\"f3a61bb\" data-element_type=\"container\" data-settings=\"{&quot;background_background&quot;:&quot;classic&quot;}\">\n\t\t\t\t<div class=\"elementor-element elementor-element-ff57b80 elementor-widget elementor-widget-heading\" data-id=\"ff57b80\" data-element_type=\"widget\" data-widget_type=\"heading.default\">\n\t\t\t\t<div class=\"elementor-widget-container\">\n\t\t\t\t\t<h2 class=\"elementor-heading-title elementor-size-default\">Cosa \u00e8 incluso nel tour:<\/h2>\t\t\t\t<\/div>\n\t\t\t\t<\/div>\n\t\t\t\t<div class=\"elementor-element elementor-element-e7c6436 elementor-widget elementor-widget-text-editor\" data-id=\"e7c6436\" data-element_type=\"widget\" data-widget_type=\"text-editor.default\">\n\t\t\t\t<div class=\"elementor-widget-container\">\n\t\t\t\t\t\t\t\t\t<p>Guida privata<\/p><p>Accesso prioritario al museo (salta la fila)<\/p><p>Itinerario personalizzato<\/p><p>Radio con pi\u00f9 di 6 persone<\/p><p>Assistenza completa durante il tour<\/p><p>Esperienza interattiva<\/p>\t\t\t\t\t\t\t\t<\/div>\n\t\t\t\t<\/div>\n\t\t\t\t<\/div>\n\t\t\t\t<\/div>\n\t\t<div class=\"elementor-element elementor-element-6653143 e-flex e-con-boxed e-con e-parent\" data-id=\"6653143\" data-element_type=\"container\">\n\t\t\t\t\t<div class=\"e-con-inner\">\n\t\t<div class=\"elementor-element elementor-element-e94693b e-con-full e-flex e-con e-child\" data-id=\"e94693b\" data-element_type=\"container\" data-settings=\"{&quot;background_background&quot;:&quot;classic&quot;}\">\n\t\t\t\t<\/div>\n\t\t<div class=\"elementor-element elementor-element-b8ab530 e-con-full e-flex e-con e-child\" data-id=\"b8ab530\" data-element_type=\"container\">\n\t\t\t\t<div class=\"elementor-element elementor-element-0ee68b8 elementor-widget elementor-widget-heading\" data-id=\"0ee68b8\" data-element_type=\"widget\" data-widget_type=\"heading.default\">\n\t\t\t\t<div class=\"elementor-widget-container\">\n\t\t\t\t\t<h2 class=\"elementor-heading-title elementor-size-default\">Scopri la Galleria dell'Accademia e il Museo dell'Opera del Duomo con Guided Florence\ntours<\/h2>\t\t\t\t<\/div>\n\t\t\t\t<\/div>\n\t\t\t\t<div class=\"elementor-element elementor-element-1e74924 elementor-widget elementor-widget-text-editor\" data-id=\"1e74924\" data-element_type=\"widget\" data-widget_type=\"text-editor.default\">\n\t\t\t\t<div class=\"elementor-widget-container\">\n\t\t\t\t\t\t\t\t\t<p>Questo tour ci porta nel cuore di Michelangelo, attraverso due delle sue opere pi\u00f9 emblematiche: il David e la Piet\u00e0 Bandini. Due sculture, due momenti di vita opposti: il giovane artista che sfida il marmo con l\u2019energia della giovinezza e il maestro anziano che si confronta con la fragilit\u00e0 e la mortalit\u00e0. <strong>Il David<\/strong> <strong>\u00e8 un\u2019opera pubblica<\/strong>, un simbolo di forza e di ideali, mentre <strong>la Piet\u00e0 Bandini \u00e8 un\u2019opera privata<\/strong>, il dialogo silenzioso di un uomo con la propria fine.<\/p><p>Questo tour non \u00e8 solo un viaggio nell\u2019arte, ma un\u2019immersione nella vita di Michelangelo. <strong>Dal giovane scultore<\/strong> che sfida i limiti tecnici per creare la perfezione, <strong>all\u2019uomo maturo<\/strong> che riflette sulla propria mortalit\u00e0.<br \/><strong>Due opere, due ritratti dell\u2019anima di un genio immortale.<\/strong><\/p>\t\t\t\t\t\t\t\t<\/div>\n\t\t\t\t<\/div>\n\t\t\t\t<\/div>\n\t\t\t\t\t<\/div>\n\t\t\t\t<\/div>\n\t\t<div class=\"elementor-element elementor-element-200bae6 e-flex e-con-boxed e-con e-parent\" data-id=\"200bae6\" data-element_type=\"container\">\n\t\t\t\t\t<div class=\"e-con-inner\">\n\t\t<div class=\"elementor-element elementor-element-be17ce3 e-con-full e-flex e-con e-child\" data-id=\"be17ce3\" data-element_type=\"container\" data-settings=\"{&quot;background_background&quot;:&quot;classic&quot;}\">\n\t\t\t\t<\/div>\n\t\t<div class=\"elementor-element elementor-element-743de1d e-con-full e-flex e-con e-child\" data-id=\"743de1d\" data-element_type=\"container\">\n\t\t\t\t<div class=\"elementor-element elementor-element-21f659d elementor-widget elementor-widget-heading\" data-id=\"21f659d\" data-element_type=\"widget\" data-widget_type=\"heading.default\">\n\t\t\t\t<div class=\"elementor-widget-container\">\n\t\t\t\t\t<h2 class=\"elementor-heading-title elementor-size-default\">Come si svolge il tour<\/h2>\t\t\t\t<\/div>\n\t\t\t\t<\/div>\n\t\t\t\t<div class=\"elementor-element elementor-element-bc407fd elementor-widget elementor-widget-text-editor\" data-id=\"bc407fd\" data-element_type=\"widget\" data-widget_type=\"text-editor.default\">\n\t\t\t\t<div class=\"elementor-widget-container\">\n\t\t\t\t\t\t\t\t\t<div class=\"flex max-w-full flex-col flex-grow\"><div class=\"min-h-8 text-message flex w-full flex-col items-end gap-2 whitespace-normal break-words [.text-message+&amp;]:mt-5\" dir=\"auto\" data-message-author-role=\"assistant\" data-message-id=\"e8d0c197-43e0-4937-a8b5-7b7a9ce782df\" data-message-model-slug=\"gpt-4o\"><div class=\"flex w-full flex-col gap-1 empty:hidden first:pt-[3px]\"><div class=\"markdown prose w-full break-words dark:prose-invert dark\"><p>Il tour inizia con <strong>la Galleria dell\u2019Accademia<\/strong>, dove ammirerete il celebre David, simbolo di forza e bellezza ideale, insieme ai Prigioni, le sculture incompiute che sembrano emergere dalla pietra, testimoniando il genio tormentato di Michelangelo.<\/p><p>Il giovane Michelangelo, aveva 26 anni, scolpisce un eroe biblico che incarna l\u2019intelligenza e la determinazione: David non \u00e8 colto nell\u2019atto della vittoria, ma nel momento della concentrazione prima della battaglia. Il suo sguardo fiero, i muscoli tesi, il corpo perfettamente proporzionato sono la celebrazione dell\u2019uomo rinascimentale, padrone del proprio destino.<\/p><p>Vasari, il primo grande storico dell\u2019arte, scrisse che il David era \u201c<em>cos\u00ec perfetto che chiunque lo veda non ha pi\u00f9 bisogno di ammirare altre statue.<\/em>\u201d<\/p><p>Si prosegue poi alla scoperta di Michelangelo al <strong>Museo dell&#8217;Opera del Duomo<\/strong> per ammirare soprattutto la Piet\u00e0 Bandini.<\/p><p>Cinquant\u2019anni dopo aver scolpito il David, Michelangelo torna al marmo con una nuova consapevolezza. La Piet\u00e0 Bandini \u00e8 l\u2019opera di un uomo che ormai sente il peso degli anni e della vita. A differenza<br \/>della Piet\u00e0 giovanile di San Pietro, qui la composizione \u00e8 pi\u00f9 tormentata: il corpo di Cristo \u00e8 sorretto con fatica, le figure si intrecciano in un doloroso abbraccio.<\/p><p>Michelangelo si autoritrae nell&#8217;opera, nel volto di Nicodemo, il personaggio che sostiene Cristo, quasi a rappresentare la propria meditazione sulla morte e sulla salvezza.<\/p><\/div><\/div><\/div><\/div>\t\t\t\t\t\t\t\t<\/div>\n\t\t\t\t<\/div>\n\t\t\t\t<\/div>\n\t\t\t\t\t<\/div>\n\t\t\t\t<\/div>\n\t\t<div class=\"elementor-element elementor-element-fce04b8 e-flex e-con-boxed e-con e-parent\" data-id=\"fce04b8\" data-element_type=\"container\" data-settings=\"{&quot;background_background&quot;:&quot;classic&quot;}\">\n\t\t\t\t\t<div class=\"e-con-inner\">\n\t\t\t\t\t<\/div>\n\t\t\t\t<\/div>\n\t\t<div class=\"elementor-element elementor-element-26b8a23 e-flex e-con-boxed e-con e-parent\" data-id=\"26b8a23\" data-element_type=\"container\">\n\t\t\t\t\t<div class=\"e-con-inner\">\n\t\t<div class=\"elementor-element elementor-element-1db805b e-con-full e-flex e-con e-child\" data-id=\"1db805b\" data-element_type=\"container\">\n\t\t\t\t<div class=\"elementor-element elementor-element-eeed0a6 elementor-widget elementor-widget-heading\" data-id=\"eeed0a6\" data-element_type=\"widget\" data-widget_type=\"heading.default\">\n\t\t\t\t<div class=\"elementor-widget-container\">\n\t\t\t\t\t<h2 class=\"elementor-heading-title elementor-size-default\">Storia del David e della Piet\u00e0 Bandini<\/h2>\t\t\t\t<\/div>\n\t\t\t\t<\/div>\n\t\t\t\t<div class=\"elementor-element elementor-element-65d874d elementor-widget elementor-widget-text-editor\" data-id=\"65d874d\" data-element_type=\"widget\" data-widget_type=\"text-editor.default\">\n\t\t\t\t<div class=\"elementor-widget-container\">\n\t\t\t\t\t\t\t\t\t<p><strong>Il David<\/strong>, scolpito tra il 1501 e il 1504, \u00e8 l\u2019icona della perfezione e della potenza. Michelangelo<br \/>aveva solo ventisei anni quando ricevette l\u2019incarico di trasformare un gigantesco blocco di<br \/>marmo, gi\u00e0 scartato da altri artisti, in un capolavoro. La statua doveva essere collocata sul Duomo<br \/>di Firenze, ma la sua bellezza era cos\u00ec straordinaria che venne destinata a Piazza della Signoria<br \/>per diventare simbolo della Repubblica Fiorentina.<\/p>\t\t\t\t\t\t\t\t<\/div>\n\t\t\t\t<\/div>\n\t\t\t\t<div class=\"elementor-element elementor-element-7001668 elementor-widget elementor-widget-text-editor\" data-id=\"7001668\" data-element_type=\"widget\" data-widget_type=\"text-editor.default\">\n\t\t\t\t<div class=\"elementor-widget-container\">\n\t\t\t\t\t\t\t\t\t<div class=\"flex max-w-full flex-col flex-grow\"><div class=\"min-h-8 text-message flex w-full flex-col items-end gap-2 whitespace-normal break-words [.text-message+&amp;]:mt-5\" dir=\"auto\" data-message-author-role=\"assistant\" data-message-id=\"b4c2a6c7-ce59-435f-bd48-e4208cfab92f\" data-message-model-slug=\"gpt-4o\"><div class=\"flex w-full flex-col gap-1 empty:hidden first:pt-[3px]\"><div class=\"markdown prose w-full break-words dark:prose-invert dark\"><p><strong>La Piet\u00e0 Bandini,<\/strong> scolpita tra il 1547 e il 1555, \u00e8 una delle opere pi\u00f9 intime e sofferte di Michelangelo. L\u2019artista la concep\u00ec inizialmente per la propria tomba, riflettendo il suo rapporto tormentato con la morte e la spiritualit\u00e0. Il gruppo scultoreo rappresenta Cristo sostenuto da Nicodemo, la Vergine Maria e Maria Maddalena, in una composizione drammatica e spezzata, che esprime un profondo senso di dolore. Non soddisfatto del risultato, Michelangelo colp\u00ec l\u2019opera con un martello, lasciandola incompiuta.<\/p><\/div><\/div><\/div><\/div>\t\t\t\t\t\t\t\t<\/div>\n\t\t\t\t<\/div>\n\t\t\t\t<\/div>\n\t\t\t\t\t<\/div>\n\t\t\t\t<\/div>\n\t\t<div class=\"elementor-element elementor-element-7cf280d e-con-full e-flex e-con e-parent\" data-id=\"7cf280d\" data-element_type=\"container\">\n\t\t\t\t<div class=\"elementor-element elementor-element-c0c9d9a elementor-widget elementor-widget-heading\" data-id=\"c0c9d9a\" data-element_type=\"widget\" data-widget_type=\"heading.default\">\n\t\t\t\t<div class=\"elementor-widget-container\">\n\t\t\t\t\t<h2 class=\"elementor-heading-title elementor-size-default\">Foto Testimonianze<\/h2>\t\t\t\t<\/div>\n\t\t\t\t<\/div>\n\t\t\t\t<\/div>\n\t\t<div class=\"elementor-element elementor-element-df8a1ac e-flex e-con-boxed e-con e-parent\" data-id=\"df8a1ac\" data-element_type=\"container\">\n\t\t\t\t\t<div class=\"e-con-inner\">\n\t\t<div class=\"elementor-element elementor-element-677b838 e-con-full e-flex e-con e-child\" data-id=\"677b838\" data-element_type=\"container\" data-settings=\"{&quot;background_background&quot;:&quot;classic&quot;}\">\n\t\t\t\t<\/div>\n\t\t<div class=\"elementor-element elementor-element-12db490 e-con-full e-flex e-con e-child\" data-id=\"12db490\" data-element_type=\"container\" data-settings=\"{&quot;background_background&quot;:&quot;classic&quot;}\">\n\t\t\t\t<\/div>\n\t\t<div class=\"elementor-element elementor-element-48a4e88 e-con-full e-flex e-con e-child\" data-id=\"48a4e88\" data-element_type=\"container\" data-settings=\"{&quot;background_background&quot;:&quot;classic&quot;}\">\n\t\t\t\t<\/div>\n\t\t\t\t\t<\/div>\n\t\t\t\t<\/div>\n\t\t<div class=\"elementor-element elementor-element-0d99f0c e-con-full e-flex e-con e-parent\" data-id=\"0d99f0c\" data-element_type=\"container\">\n\t\t<div class=\"elementor-element elementor-element-fcb7f21 e-con-full e-flex e-con e-child\" data-id=\"fcb7f21\" data-element_type=\"container\" data-settings=\"{&quot;background_background&quot;:&quot;classic&quot;}\">\n\t\t\t\t<div class=\"elementor-element elementor-element-e5908fc elementor-widget elementor-widget-heading\" data-id=\"e5908fc\" data-element_type=\"widget\" data-widget_type=\"heading.default\">\n\t\t\t\t<div class=\"elementor-widget-container\">\n\t\t\t\t\t<h2 class=\"elementor-heading-title elementor-size-default\">Prenota subito<\/h2>\t\t\t\t<\/div>\n\t\t\t\t<\/div>\n\t\t\t\t<div class=\"elementor-element elementor-element-ca2d79a elementor-widget elementor-widget-text-editor\" data-id=\"ca2d79a\" data-element_type=\"widget\" data-widget_type=\"text-editor.default\">\n\t\t\t\t<div class=\"elementor-widget-container\">\n\t\t\t\t\t\t\t\t\t<p>Riempi il modulo di contatto qui sotto per prenotare il tour!<br \/>Riceverai conferma nel pi\u00f9 breve tempo possibile.<\/p>\n\t\t\t\t\t\t\t\t<\/div>\n\t\t\t\t<\/div>\n\t\t\t\t<div class=\"elementor-element elementor-element-0976064 elementor-widget elementor-widget-shortcode\" data-id=\"0976064\" data-element_type=\"widget\" data-widget_type=\"shortcode.default\">\n\t\t\t\t<div class=\"elementor-widget-container\">\n\t\t\t\t\t\t\t<div class=\"elementor-shortcode\">\n<div class=\"wpcf7 no-js\" id=\"wpcf7-f1095-o1\" lang=\"it-IT\" dir=\"ltr\" data-wpcf7-id=\"1095\">\n<div class=\"screen-reader-response\"><p role=\"status\" aria-live=\"polite\" aria-atomic=\"true\"><\/p> <ul><\/ul><\/div>\n<form action=\"\/it\/wp-json\/wp\/v2\/pages\/10953#wpcf7-f1095-o1\" method=\"post\" class=\"wpcf7-form init\" aria-label=\"Modulo di contatto\" novalidate=\"novalidate\" data-status=\"init\">\n<div style=\"display: none;\">\n<input type=\"hidden\" name=\"_wpcf7\" value=\"1095\" \/>\n<input type=\"hidden\" name=\"_wpcf7_version\" value=\"6.0.6\" \/>\n<input type=\"hidden\" name=\"_wpcf7_locale\" value=\"it_IT\" \/>\n<input type=\"hidden\" name=\"_wpcf7_unit_tag\" value=\"wpcf7-f1095-o1\" \/>\n<input type=\"hidden\" name=\"_wpcf7_container_post\" value=\"0\" \/>\n<input type=\"hidden\" name=\"_wpcf7_posted_data_hash\" value=\"\" \/>\n<\/div>\n<div class=\"one-half\">\n\t<p><span style=\"color:white; font-size:16px; font-family:Inter;\">Nome *<\/span><br \/>\n<span class=\"wpcf7-form-control-wrap\" data-name=\"your-name\"><input size=\"40\" maxlength=\"400\" class=\"wpcf7-form-control wpcf7-text wpcf7-validates-as-required\" aria-required=\"true\" aria-invalid=\"false\" value=\"\" type=\"text\" name=\"your-name\" \/><\/span>\n\t<\/p>\n<\/div>\n<div class=\"one-half last\">\n\t<p><span style=\"color:white; font-size:16px; font-family:Inter;\">Cognome *<\/span><br \/>\n<span class=\"wpcf7-form-control-wrap\" data-name=\"your-surname\"><input size=\"40\" maxlength=\"400\" class=\"wpcf7-form-control wpcf7-text wpcf7-validates-as-required\" aria-required=\"true\" aria-invalid=\"false\" value=\"\" type=\"text\" name=\"your-surname\" \/><\/span>\n\t<\/p>\n<\/div>\n<div class=\"one-half\">\n\t<p><span style=\"color:white; font-size:16px; font-family:Inter;\">Email *<\/span><br \/>\n<span class=\"wpcf7-form-control-wrap\" data-name=\"your-email\"><input size=\"40\" maxlength=\"400\" class=\"wpcf7-form-control wpcf7-email wpcf7-validates-as-required wpcf7-text wpcf7-validates-as-email\" aria-required=\"true\" aria-invalid=\"false\" value=\"\" type=\"email\" name=\"your-email\" \/><\/span>\n\t<\/p>\n<\/div>\n<div class=\"one-half last\">\n\t<p><span style=\"color:white; font-size:16px; font-family:Inter;\">Telefono *<\/span><br \/>\n<span class=\"wpcf7-form-control-wrap\" data-name=\"your-tel\"><input size=\"40\" maxlength=\"400\" class=\"wpcf7-form-control wpcf7-text wpcf7-validates-as-required\" aria-required=\"true\" aria-invalid=\"false\" value=\"\" type=\"text\" name=\"your-tel\" \/><\/span>\n\t<\/p>\n<\/div>\n<div class=\"one-half\">\n\t<p><span style=\"color:white; font-size:16px; font-family:Inter;\">Numero adulti<\/span><br \/>\n<span class=\"wpcf7-form-control-wrap\" data-name=\"your-adulti\"><input size=\"40\" maxlength=\"400\" class=\"wpcf7-form-control wpcf7-text\" aria-invalid=\"false\" value=\"\" type=\"text\" name=\"your-adulti\" \/><\/span>\n\t<\/p>\n<\/div>\n<div class=\"one-half last\">\n\t<p><span style=\"color:white; font-size:16px; font-family:Inter;\">Numero bambini<\/span><br \/>\n<span class=\"wpcf7-form-control-wrap\" data-name=\"your-bambini\"><input size=\"40\" maxlength=\"400\" class=\"wpcf7-form-control wpcf7-text\" aria-invalid=\"false\" value=\"\" type=\"text\" name=\"your-bambini\" \/><\/span>\n\t<\/p>\n<\/div>\n<div class=\"one-third\">\n\t<p><span style=\"color:white; font-size:16px; font-family:Inter;\">Arrivo a Firenze:<\/span><span class=\"wpcf7-form-control-wrap\" data-name=\"your-dataarrivo\"><input class=\"wpcf7-form-control wpcf7-date wpcf7-validates-as-date\" aria-invalid=\"false\" value=\"\" type=\"date\" name=\"your-dataarrivo\" \/><\/span>\n\t<\/p>\n<\/div>\n<div class=\"one-third\">\n\t<p><span style=\"color:white; font-size:16px; font-family:Inter;\">Partenza da Firenze:<\/span><span class=\"wpcf7-form-control-wrap\" data-name=\"your-datapartenza\"><input class=\"wpcf7-form-control wpcf7-date wpcf7-validates-as-date\" aria-invalid=\"false\" value=\"\" type=\"date\" name=\"your-datapartenza\" \/><\/span>\n\t<\/p>\n<\/div>\n<div class=\"one-third last\">\n\t<p><span style=\"color:white; font-size:16px; font-family:Inter;\">Data preferita per il tour:<\/span><span class=\"wpcf7-form-control-wrap\" data-name=\"your-datatour\"><input class=\"wpcf7-form-control wpcf7-date wpcf7-validates-as-date\" aria-invalid=\"false\" value=\"\" type=\"date\" name=\"your-datatour\" \/><\/span>\n\t<\/p>\n<\/div>\n<p><span style=\"color:white; font-size:16px; font-family:Inter;\">Hai qualcosa da aggiungere?<\/span><br \/>\n<span class=\"wpcf7-form-control-wrap\" data-name=\"your-message\"><textarea cols=\"40\" rows=\"10\" maxlength=\"2000\" class=\"wpcf7-form-control wpcf7-textarea\" aria-invalid=\"false\" name=\"your-message\"><\/textarea><\/span>\n<\/p>\n<div style=\"margin:30px 0px 30px -15px;\">\n\t<p><span class=\"wpcf7-form-control-wrap\" data-name=\"accettazione\"><span class=\"wpcf7-form-control wpcf7-acceptance optional\"><span class=\"wpcf7-list-item\"><label><input type=\"checkbox\" name=\"accettazione\" value=\"1\" aria-invalid=\"false\" \/><span class=\"wpcf7-list-item-label\">Accetto il trattamento dei dati personali secondo la normativa privacy attualmente in vigore<\/span><\/label><\/span><\/span><\/span>\n\t<\/p>\n<\/div>\n<p><input class=\"wpcf7-form-control wpcf7-submit has-spinner\" type=\"submit\" value=\"Invia\" \/>\n<\/p><p style=\"display: none !important;\" class=\"akismet-fields-container\" data-prefix=\"_wpcf7_ak_\"><label>&#916;<textarea name=\"_wpcf7_ak_hp_textarea\" cols=\"45\" rows=\"8\" maxlength=\"100\"><\/textarea><\/label><input type=\"hidden\" id=\"ak_js_1\" name=\"_wpcf7_ak_js\" value=\"48\"\/><script>document.getElementById( \"ak_js_1\" ).setAttribute( \"value\", ( new Date() ).getTime() );<\/script><\/p><div class=\"wpcf7-response-output\" aria-hidden=\"true\"><\/div>\n<\/form>\n<\/div>\n<\/div>\n\t\t\t\t\t\t<\/div>\n\t\t\t\t<\/div>\n\t\t\t\t<\/div>\n\t\t\t\t<\/div>\n\t\t\t\t<\/div>\n\t\t","protected":false},"excerpt":{"rendered":"<p>Michelangelo: un ritratto Un viaggio nel cuore dell\u2019uomo e dell\u2019artista Durata 2:30 ore A piedi Adatto ai disabili I biglietti sono extra, comprati da noi e NON sono RIMBORSABILI Cosa \u00e8 incluso nel tour: Guida privata Accesso prioritario al museo (salta la fila) Itinerario personalizzato Radio con pi\u00f9 di 6 persone Assistenza completa durante il [&hellip;]<\/p>\n","protected":false},"author":1,"featured_media":0,"parent":8647,"menu_order":0,"comment_status":"closed","ping_status":"closed","template":"elementor_header_footer","meta":{"footnotes":""},"class_list":["post-10953","page","type-page","status-publish","hentry","entry"],"yoast_head":"<!-- This site is optimized with the Yoast SEO plugin v25.1 - https:\/\/yoast.com\/wordpress\/plugins\/seo\/ -->\n<title>Michelangelo: un ritratto Un viaggio nel cuore dell\u2019uomo e dell\u2019artista - Guided Florence Tours<\/title>\n<meta name=\"robots\" content=\"index, follow, max-snippet:-1, max-image-preview:large, max-video-preview:-1\" \/>\n<link rel=\"canonical\" href=\"https:\/\/www.guidedflorencetours.com\/it\/tour-privati\/michelangelo-un-ritratto-un-viaggio-nel-cuore-dell-uomo-e-dell-artista\/\" \/>\n<meta property=\"og:locale\" content=\"it_IT\" \/>\n<meta property=\"og:type\" content=\"article\" \/>\n<meta property=\"og:title\" content=\"Michelangelo: un ritratto Un viaggio nel cuore dell\u2019uomo e dell\u2019artista - Guided Florence Tours\" \/>\n<meta property=\"og:description\" content=\"Michelangelo: un ritratto Un viaggio nel cuore dell\u2019uomo e dell\u2019artista Durata 2:30 ore A piedi Adatto ai disabili I biglietti sono extra, comprati da noi e NON sono RIMBORSABILI Cosa \u00e8 incluso nel tour: Guida privata Accesso prioritario al museo (salta la fila) Itinerario personalizzato Radio con pi\u00f9 di 6 persone Assistenza completa durante il [&hellip;]\" \/>\n<meta property=\"og:url\" content=\"https:\/\/www.guidedflorencetours.com\/it\/tour-privati\/michelangelo-un-ritratto-un-viaggio-nel-cuore-dell-uomo-e-dell-artista\/\" \/>\n<meta property=\"og:site_name\" content=\"Guided Florence Tours\" \/>\n<meta property=\"article:publisher\" content=\"https:\/\/www.facebook.com\/guidedflorencetours\/\" \/>\n<meta property=\"article:modified_time\" content=\"2025-03-05T13:17:36+00:00\" \/>\n<meta name=\"twitter:card\" content=\"summary_large_image\" \/>\n<script type=\"application\/ld+json\" class=\"yoast-schema-graph\">{\"@context\":\"https:\/\/schema.org\",\"@graph\":[{\"@type\":\"WebPage\",\"@id\":\"https:\/\/www.guidedflorencetours.com\/it\/tour-privati\/michelangelo-un-ritratto-un-viaggio-nel-cuore-dell-uomo-e-dell-artista\/\",\"url\":\"https:\/\/www.guidedflorencetours.com\/it\/tour-privati\/michelangelo-un-ritratto-un-viaggio-nel-cuore-dell-uomo-e-dell-artista\/\",\"name\":\"Michelangelo: un ritratto Un viaggio nel cuore dell\u2019uomo e dell\u2019artista - Guided Florence Tours\",\"isPartOf\":{\"@id\":\"https:\/\/www.guidedflorencetours.com\/it\/#website\"},\"datePublished\":\"2025-03-05T08:04:34+00:00\",\"dateModified\":\"2025-03-05T13:17:36+00:00\",\"breadcrumb\":{\"@id\":\"https:\/\/www.guidedflorencetours.com\/it\/tour-privati\/michelangelo-un-ritratto-un-viaggio-nel-cuore-dell-uomo-e-dell-artista\/#breadcrumb\"},\"inLanguage\":\"it-IT\",\"potentialAction\":[{\"@type\":\"ReadAction\",\"target\":[\"https:\/\/www.guidedflorencetours.com\/it\/tour-privati\/michelangelo-un-ritratto-un-viaggio-nel-cuore-dell-uomo-e-dell-artista\/\"]}]},{\"@type\":\"BreadcrumbList\",\"@id\":\"https:\/\/www.guidedflorencetours.com\/it\/tour-privati\/michelangelo-un-ritratto-un-viaggio-nel-cuore-dell-uomo-e-dell-artista\/#breadcrumb\",\"itemListElement\":[{\"@type\":\"ListItem\",\"position\":1,\"name\":\"Home\",\"item\":\"https:\/\/www.guidedflorencetours.com\/\"},{\"@type\":\"ListItem\",\"position\":2,\"name\":\"Tour privati\",\"item\":\"https:\/\/www.guidedflorencetours.com\/private-tours\/\"},{\"@type\":\"ListItem\",\"position\":3,\"name\":\"Michelangelo: un ritratto Un viaggio nel cuore dell\u2019uomo e dell\u2019artista\"}]},{\"@type\":\"WebSite\",\"@id\":\"https:\/\/www.guidedflorencetours.com\/it\/#website\",\"url\":\"https:\/\/www.guidedflorencetours.com\/it\/\",\"name\":\"Guided Florence Tours\",\"description\":\"Tour privati e di gruppo a Firenze\",\"publisher\":{\"@id\":\"https:\/\/www.guidedflorencetours.com\/it\/#organization\"},\"potentialAction\":[{\"@type\":\"SearchAction\",\"target\":{\"@type\":\"EntryPoint\",\"urlTemplate\":\"https:\/\/www.guidedflorencetours.com\/it\/?s={search_term_string}\"},\"query-input\":{\"@type\":\"PropertyValueSpecification\",\"valueRequired\":true,\"valueName\":\"search_term_string\"}}],\"inLanguage\":\"it-IT\"},{\"@type\":\"Organization\",\"@id\":\"https:\/\/www.guidedflorencetours.com\/it\/#organization\",\"name\":\"Guided Florence Tours\",\"url\":\"https:\/\/www.guidedflorencetours.com\/it\/\",\"logo\":{\"@type\":\"ImageObject\",\"inLanguage\":\"it-IT\",\"@id\":\"https:\/\/www.guidedflorencetours.com\/it\/#\/schema\/logo\/image\/\",\"url\":\"https:\/\/www.guidedflorencetours.com\/wp-content\/uploads\/2024\/10\/guided-florence-tours-g_2x.png\",\"contentUrl\":\"https:\/\/www.guidedflorencetours.com\/wp-content\/uploads\/2024\/10\/guided-florence-tours-g_2x.png\",\"width\":205,\"height\":50,\"caption\":\"Guided Florence Tours\"},\"image\":{\"@id\":\"https:\/\/www.guidedflorencetours.com\/it\/#\/schema\/logo\/image\/\"},\"sameAs\":[\"https:\/\/www.facebook.com\/guidedflorencetours\/\",\"https:\/\/www.instagram.com\/guided_florence_tours\/\"]}]}<\/script>\n<!-- \/ Yoast SEO plugin. -->","yoast_head_json":{"title":"Michelangelo: un ritratto Un viaggio nel cuore dell\u2019uomo e dell\u2019artista - Guided Florence Tours","robots":{"index":"index","follow":"follow","max-snippet":"max-snippet:-1","max-image-preview":"max-image-preview:large","max-video-preview":"max-video-preview:-1"},"canonical":"https:\/\/www.guidedflorencetours.com\/it\/tour-privati\/michelangelo-un-ritratto-un-viaggio-nel-cuore-dell-uomo-e-dell-artista\/","og_locale":"it_IT","og_type":"article","og_title":"Michelangelo: un ritratto Un viaggio nel cuore dell\u2019uomo e dell\u2019artista - Guided Florence Tours","og_description":"Michelangelo: un ritratto Un viaggio nel cuore dell\u2019uomo e dell\u2019artista Durata 2:30 ore A piedi Adatto ai disabili I biglietti sono extra, comprati da noi e NON sono RIMBORSABILI Cosa \u00e8 incluso nel tour: Guida privata Accesso prioritario al museo (salta la fila) Itinerario personalizzato Radio con pi\u00f9 di 6 persone Assistenza completa durante il [&hellip;]","og_url":"https:\/\/www.guidedflorencetours.com\/it\/tour-privati\/michelangelo-un-ritratto-un-viaggio-nel-cuore-dell-uomo-e-dell-artista\/","og_site_name":"Guided Florence Tours","article_publisher":"https:\/\/www.facebook.com\/guidedflorencetours\/","article_modified_time":"2025-03-05T13:17:36+00:00","twitter_card":"summary_large_image","schema":{"@context":"https:\/\/schema.org","@graph":[{"@type":"WebPage","@id":"https:\/\/www.guidedflorencetours.com\/it\/tour-privati\/michelangelo-un-ritratto-un-viaggio-nel-cuore-dell-uomo-e-dell-artista\/","url":"https:\/\/www.guidedflorencetours.com\/it\/tour-privati\/michelangelo-un-ritratto-un-viaggio-nel-cuore-dell-uomo-e-dell-artista\/","name":"Michelangelo: un ritratto Un viaggio nel cuore dell\u2019uomo e dell\u2019artista - Guided Florence Tours","isPartOf":{"@id":"https:\/\/www.guidedflorencetours.com\/it\/#website"},"datePublished":"2025-03-05T08:04:34+00:00","dateModified":"2025-03-05T13:17:36+00:00","breadcrumb":{"@id":"https:\/\/www.guidedflorencetours.com\/it\/tour-privati\/michelangelo-un-ritratto-un-viaggio-nel-cuore-dell-uomo-e-dell-artista\/#breadcrumb"},"inLanguage":"it-IT","potentialAction":[{"@type":"ReadAction","target":["https:\/\/www.guidedflorencetours.com\/it\/tour-privati\/michelangelo-un-ritratto-un-viaggio-nel-cuore-dell-uomo-e-dell-artista\/"]}]},{"@type":"BreadcrumbList","@id":"https:\/\/www.guidedflorencetours.com\/it\/tour-privati\/michelangelo-un-ritratto-un-viaggio-nel-cuore-dell-uomo-e-dell-artista\/#breadcrumb","itemListElement":[{"@type":"ListItem","position":1,"name":"Home","item":"https:\/\/www.guidedflorencetours.com\/"},{"@type":"ListItem","position":2,"name":"Tour privati","item":"https:\/\/www.guidedflorencetours.com\/private-tours\/"},{"@type":"ListItem","position":3,"name":"Michelangelo: un ritratto Un viaggio nel cuore dell\u2019uomo e dell\u2019artista"}]},{"@type":"WebSite","@id":"https:\/\/www.guidedflorencetours.com\/it\/#website","url":"https:\/\/www.guidedflorencetours.com\/it\/","name":"Guided Florence Tours","description":"Tour privati e di gruppo a Firenze","publisher":{"@id":"https:\/\/www.guidedflorencetours.com\/it\/#organization"},"potentialAction":[{"@type":"SearchAction","target":{"@type":"EntryPoint","urlTemplate":"https:\/\/www.guidedflorencetours.com\/it\/?s={search_term_string}"},"query-input":{"@type":"PropertyValueSpecification","valueRequired":true,"valueName":"search_term_string"}}],"inLanguage":"it-IT"},{"@type":"Organization","@id":"https:\/\/www.guidedflorencetours.com\/it\/#organization","name":"Guided Florence Tours","url":"https:\/\/www.guidedflorencetours.com\/it\/","logo":{"@type":"ImageObject","inLanguage":"it-IT","@id":"https:\/\/www.guidedflorencetours.com\/it\/#\/schema\/logo\/image\/","url":"https:\/\/www.guidedflorencetours.com\/wp-content\/uploads\/2024\/10\/guided-florence-tours-g_2x.png","contentUrl":"https:\/\/www.guidedflorencetours.com\/wp-content\/uploads\/2024\/10\/guided-florence-tours-g_2x.png","width":205,"height":50,"caption":"Guided Florence Tours"},"image":{"@id":"https:\/\/www.guidedflorencetours.com\/it\/#\/schema\/logo\/image\/"},"sameAs":["https:\/\/www.facebook.com\/guidedflorencetours\/","https:\/\/www.instagram.com\/guided_florence_tours\/"]}]}},"_links":{"self":[{"href":"https:\/\/www.guidedflorencetours.com\/it\/wp-json\/wp\/v2\/pages\/10953","targetHints":{"allow":["GET"]}}],"collection":[{"href":"https:\/\/www.guidedflorencetours.com\/it\/wp-json\/wp\/v2\/pages"}],"about":[{"href":"https:\/\/www.guidedflorencetours.com\/it\/wp-json\/wp\/v2\/types\/page"}],"author":[{"embeddable":true,"href":"https:\/\/www.guidedflorencetours.com\/it\/wp-json\/wp\/v2\/users\/1"}],"replies":[{"embeddable":true,"href":"https:\/\/www.guidedflorencetours.com\/it\/wp-json\/wp\/v2\/comments?post=10953"}],"version-history":[{"count":0,"href":"https:\/\/www.guidedflorencetours.com\/it\/wp-json\/wp\/v2\/pages\/10953\/revisions"}],"up":[{"embeddable":true,"href":"https:\/\/www.guidedflorencetours.com\/it\/wp-json\/wp\/v2\/pages\/8647"}],"wp:attachment":[{"href":"https:\/\/www.guidedflorencetours.com\/it\/wp-json\/wp\/v2\/media?parent=10953"}],"curies":[{"name":"wp","href":"https:\/\/api.w.org\/{rel}","templated":true}]}}