{"id":8889,"date":"2024-12-16T14:54:00","date_gmt":"2024-12-16T13:54:00","guid":{"rendered":"https:\/\/nuovo.guidedflorencetours.com\/?page_id=8889"},"modified":"2026-03-04T17:15:20","modified_gmt":"2026-03-04T16:15:20","slug":"il-mediaevo-a-firenze-lotte-e-divisioni-fra-gulefi-e-ghibellini","status":"publish","type":"page","link":"https:\/\/www.guidedflorencetours.com\/it\/tour-privati\/il-mediaevo-a-firenze-lotte-e-divisioni-fra-gulefi-e-ghibellini\/","title":{"rendered":"Il  Medioevo a Firenze: lotte e divisioni fra Guelfi e Ghibellini"},"content":{"rendered":"\t\t<div data-elementor-type=\"wp-page\" data-elementor-id=\"8889\" class=\"elementor elementor-8889\">\n\t\t\t\t<div class=\"elementor-element elementor-element-a5e4609 e-con-full e-flex e-con e-parent\" data-id=\"a5e4609\" data-element_type=\"container\">\n\t\t<div class=\"elementor-element elementor-element-4aad2b1 e-con-full e-flex e-con e-child\" data-id=\"4aad2b1\" data-element_type=\"container\" data-settings=\"{&quot;background_background&quot;:&quot;classic&quot;}\">\n\t\t\t\t<div class=\"elementor-element elementor-element-e26c6f9 elementor-widget elementor-widget-heading\" data-id=\"e26c6f9\" data-element_type=\"widget\" data-widget_type=\"heading.default\">\n\t\t\t\t<div class=\"elementor-widget-container\">\n\t\t\t\t\t<h2 class=\"elementor-heading-title elementor-size-default\">Gulefi e Ghibellini: il Medioevo a Firenze<\/h2>\t\t\t\t<\/div>\n\t\t\t\t<\/div>\n\t\t\t\t<div class=\"elementor-element elementor-element-8923140 elementor-align-center elementor-widget elementor-widget-button\" data-id=\"8923140\" data-element_type=\"widget\" data-widget_type=\"button.default\">\n\t\t\t\t<div class=\"elementor-widget-container\">\n\t\t\t\t\t\t\t\t\t<div class=\"elementor-button-wrapper\">\n\t\t\t\t\t<a class=\"elementor-button elementor-button-link elementor-size-sm\" href=\"https:\/\/fareharbor.com\/embeds\/book\/guidedflorencetours\/items\/706149\/?full-items=yes&#038;flow=1572535\">\n\t\t\t\t\t\t<span class=\"elementor-button-content-wrapper\">\n\t\t\t\t\t\t\t\t\t<span class=\"elementor-button-text\">PRENOTA ORA<\/span>\n\t\t\t\t\t<\/span>\n\t\t\t\t\t<\/a>\n\t\t\t\t<\/div>\n\t\t\t\t\t\t\t\t<\/div>\n\t\t\t\t<\/div>\n\t\t\t\t<\/div>\n\t\t\t\t<\/div>\n\t\t<div class=\"elementor-element elementor-element-126e092 e-flex e-con-boxed e-con e-parent\" data-id=\"126e092\" data-element_type=\"container\">\n\t\t\t\t\t<div class=\"e-con-inner\">\n\t\t<div class=\"elementor-element elementor-element-51de4c4 e-con-full e-flex e-con e-child\" data-id=\"51de4c4\" data-element_type=\"container\">\n\t\t<div class=\"elementor-element elementor-element-7fbfe69 e-con-full e-flex e-con e-child\" data-id=\"7fbfe69\" data-element_type=\"container\">\n\t\t\t\t<div class=\"elementor-element elementor-element-1fd0f26 elementor-view-default elementor-widget elementor-widget-icon\" data-id=\"1fd0f26\" data-element_type=\"widget\" data-widget_type=\"icon.default\">\n\t\t\t\t<div class=\"elementor-widget-container\">\n\t\t\t\t\t\t\t<div class=\"elementor-icon-wrapper\">\n\t\t\t<div class=\"elementor-icon\">\n\t\t\t<i aria-hidden=\"true\" class=\"far fa-clock\"><\/i>\t\t\t<\/div>\n\t\t<\/div>\n\t\t\t\t\t\t<\/div>\n\t\t\t\t<\/div>\n\t\t\t\t<div class=\"elementor-element elementor-element-a3e3db8 elementor-widget elementor-widget-text-editor\" data-id=\"a3e3db8\" data-element_type=\"widget\" data-widget_type=\"text-editor.default\">\n\t\t\t\t<div class=\"elementor-widget-container\">\n\t\t\t\t\t\t\t\t\t<p>Durata 2 ore<\/p>\t\t\t\t\t\t\t\t<\/div>\n\t\t\t\t<\/div>\n\t\t\t\t<\/div>\n\t\t<div class=\"elementor-element elementor-element-254a493 e-con-full e-flex e-con e-child\" data-id=\"254a493\" data-element_type=\"container\">\n\t\t\t\t<div class=\"elementor-element elementor-element-3f14a37 elementor-view-default elementor-widget elementor-widget-icon\" data-id=\"3f14a37\" data-element_type=\"widget\" data-widget_type=\"icon.default\">\n\t\t\t\t<div class=\"elementor-widget-container\">\n\t\t\t\t\t\t\t<div class=\"elementor-icon-wrapper\">\n\t\t\t<div class=\"elementor-icon\">\n\t\t\t<i aria-hidden=\"true\" class=\"fas fa-walking\"><\/i>\t\t\t<\/div>\n\t\t<\/div>\n\t\t\t\t\t\t<\/div>\n\t\t\t\t<\/div>\n\t\t\t\t<div class=\"elementor-element elementor-element-8446e73 elementor-widget elementor-widget-text-editor\" data-id=\"8446e73\" data-element_type=\"widget\" data-widget_type=\"text-editor.default\">\n\t\t\t\t<div class=\"elementor-widget-container\">\n\t\t\t\t\t\t\t\t\t<p>A piedi<\/p>\t\t\t\t\t\t\t\t<\/div>\n\t\t\t\t<\/div>\n\t\t\t\t<\/div>\n\t\t<div class=\"elementor-element elementor-element-a2df863 e-con-full e-flex e-con e-child\" data-id=\"a2df863\" data-element_type=\"container\">\n\t\t\t\t<div class=\"elementor-element elementor-element-c02607c elementor-view-default elementor-widget elementor-widget-icon\" data-id=\"c02607c\" data-element_type=\"widget\" data-widget_type=\"icon.default\">\n\t\t\t\t<div class=\"elementor-widget-container\">\n\t\t\t\t\t\t\t<div class=\"elementor-icon-wrapper\">\n\t\t\t<div class=\"elementor-icon\">\n\t\t\t<i aria-hidden=\"true\" class=\"fas fa-wheelchair\"><\/i>\t\t\t<\/div>\n\t\t<\/div>\n\t\t\t\t\t\t<\/div>\n\t\t\t\t<\/div>\n\t\t\t\t<div class=\"elementor-element elementor-element-38fe36b elementor-widget elementor-widget-text-editor\" data-id=\"38fe36b\" data-element_type=\"widget\" data-widget_type=\"text-editor.default\">\n\t\t\t\t<div class=\"elementor-widget-container\">\n\t\t\t\t\t\t\t\t\t<p>Adatto ai Disabili<\/p>\t\t\t\t\t\t\t\t<\/div>\n\t\t\t\t<\/div>\n\t\t\t\t<\/div>\n\t\t\t\t<\/div>\n\t\t\t\t\t<\/div>\n\t\t\t\t<\/div>\n\t\t<div class=\"elementor-element elementor-element-719c44c e-con-full e-flex e-con e-parent\" data-id=\"719c44c\" data-element_type=\"container\">\n\t\t<div class=\"elementor-element elementor-element-db3ec35 e-con-full e-flex e-con e-child\" data-id=\"db3ec35\" data-element_type=\"container\">\n\t\t<div class=\"elementor-element elementor-element-c9c8522 e-con-full e-flex e-con e-child\" data-id=\"c9c8522\" data-element_type=\"container\" data-settings=\"{&quot;background_background&quot;:&quot;classic&quot;}\">\n\t\t\t\t<div class=\"elementor-element elementor-element-df679f9 elementor-widget elementor-widget-heading\" data-id=\"df679f9\" data-element_type=\"widget\" data-widget_type=\"heading.default\">\n\t\t\t\t<div class=\"elementor-widget-container\">\n\t\t\t\t\t<h2 class=\"elementor-heading-title elementor-size-default\">Cosa \u00e8 incluso nel tour:<\/h2>\t\t\t\t<\/div>\n\t\t\t\t<\/div>\n\t\t\t\t<div class=\"elementor-element elementor-element-41222ea elementor-widget elementor-widget-text-editor\" data-id=\"41222ea\" data-element_type=\"widget\" data-widget_type=\"text-editor.default\">\n\t\t\t\t<div class=\"elementor-widget-container\">\n\t\t\t\t\t\t\t\t\t<p>Guida privata<\/p><p>Itinerario incentrato esclusivamente sul medioevo<\/p><p>Radio con pi\u00f9 di 6 persone<\/p><p>Assistenza completa durante il tour<\/p>\t\t\t\t\t\t\t\t<\/div>\n\t\t\t\t<\/div>\n\t\t\t\t<\/div>\n\t\t\t\t<\/div>\n\t\t\t\t<\/div>\n\t\t<div class=\"elementor-element elementor-element-4b35d5a e-flex e-con-boxed e-con e-parent\" data-id=\"4b35d5a\" data-element_type=\"container\">\n\t\t\t\t\t<div class=\"e-con-inner\">\n\t\t<div class=\"elementor-element elementor-element-742cee2 e-con-full e-flex e-con e-child\" data-id=\"742cee2\" data-element_type=\"container\">\n\t\t<div class=\"elementor-element elementor-element-9cf0818 e-con-full e-flex e-con e-child\" data-id=\"9cf0818\" data-element_type=\"container\" data-settings=\"{&quot;background_background&quot;:&quot;classic&quot;}\">\n\t\t\t\t<\/div>\n\t\t<div class=\"elementor-element elementor-element-0911f9c e-con-full e-flex e-con e-child\" data-id=\"0911f9c\" data-element_type=\"container\">\n\t\t\t\t<div class=\"elementor-element elementor-element-ac9c427 elementor-widget elementor-widget-heading\" data-id=\"ac9c427\" data-element_type=\"widget\" data-widget_type=\"heading.default\">\n\t\t\t\t<div class=\"elementor-widget-container\">\n\t\t\t\t\t<h2 class=\"elementor-heading-title elementor-size-default\">Scopri il Medioevo a Firenze con Guided Florence Tours<\/h2>\t\t\t\t<\/div>\n\t\t\t\t<\/div>\n\t\t\t\t<div class=\"elementor-element elementor-element-ccb9e4d elementor-widget elementor-widget-text-editor\" data-id=\"ccb9e4d\" data-element_type=\"widget\" data-widget_type=\"text-editor.default\">\n\t\t\t\t<div class=\"elementor-widget-container\">\n\t\t\t\t\t\t\t\t\t<p data-pm-slice=\"1 1 []\">Scoprite uno dei periodi pi\u00f9 tumultuosi della storia fiorentina, quando la citt\u00e0 era teatro di feroci <strong>divisioni<\/strong> e <strong>passioni<\/strong> politiche tra due fazioni opposte: <strong>Guelfi<\/strong> e <strong>Ghibellini<\/strong>. Un tour coinvolgente che vi porter\u00e0 indietro nel tempo, tra <strong>torri<\/strong> <strong>medievali<\/strong>, <strong>edifici storici<\/strong> e racconti di epiche rivalit\u00e0.<\/p>\t\t\t\t\t\t\t\t<\/div>\n\t\t\t\t<\/div>\n\t\t\t\t<\/div>\n\t\t\t\t<\/div>\n\t\t\t\t\t<\/div>\n\t\t\t\t<\/div>\n\t\t<div class=\"elementor-element elementor-element-e0ac370 e-flex e-con-boxed e-con e-parent\" data-id=\"e0ac370\" data-element_type=\"container\">\n\t\t\t\t\t<div class=\"e-con-inner\">\n\t\t<div class=\"elementor-element elementor-element-ebde512 e-con-full e-flex e-con e-child\" data-id=\"ebde512\" data-element_type=\"container\">\n\t\t<div class=\"elementor-element elementor-element-77d4f60 e-con-full e-flex e-con e-child\" data-id=\"77d4f60\" data-element_type=\"container\" data-settings=\"{&quot;background_background&quot;:&quot;classic&quot;}\">\n\t\t\t\t<\/div>\n\t\t<div class=\"elementor-element elementor-element-fa007ec e-con-full e-flex e-con e-child\" data-id=\"fa007ec\" data-element_type=\"container\">\n\t\t\t\t<div class=\"elementor-element elementor-element-41385b9 elementor-widget elementor-widget-heading\" data-id=\"41385b9\" data-element_type=\"widget\" data-widget_type=\"heading.default\">\n\t\t\t\t<div class=\"elementor-widget-container\">\n\t\t\t\t\t<h2 class=\"elementor-heading-title elementor-size-default\">Come Si Svolge il Tour<\/h2>\t\t\t\t<\/div>\n\t\t\t\t<\/div>\n\t\t\t\t<div class=\"elementor-element elementor-element-65ce87b elementor-widget elementor-widget-text-editor\" data-id=\"65ce87b\" data-element_type=\"widget\" data-widget_type=\"text-editor.default\">\n\t\t\t\t<div class=\"elementor-widget-container\">\n\t\t\t\t\t\t\t\t\t<div class=\"flex-shrink-0 flex flex-col relative items-end\"><div class=\"pt-0\"><div class=\"gizmo-bot-avatar flex h-8 w-8 items-center justify-center overflow-hidden rounded-full\"><div class=\"relative p-1 rounded-sm flex items-center justify-center bg-token-main-surface-primary text-token-text-primary h-8 w-8\"><p data-pm-slice=\"1 1 []\">Il nostro viaggio inizia tra le antiche strade di Firenze, dove <strong>il Medioevo<\/strong> riprende vita attraverso i maestosi palazzi e le torri che testimoniano un\u2019epoca segnata da scontri e vendette. Cammineremo tra <strong>vicoli<\/strong> e <strong>piazze<\/strong> che hanno visto le battaglie tra i <strong>Guelfi<\/strong>, sostenitori del Papa, e i <strong>Ghibellini<\/strong>, fedeli all\u2019imperatore.<\/p><p data-pm-slice=\"1 1 []\">La nostra esperta guida vi condurr\u00e0 alla scoperta delle tracce lasciate da queste due fazioni: dalle <strong>antiche case-torri<\/strong> che ancora oggi svettano nel centro storico ai simboli nascosti sugli edifici,<br \/>come stemmi e segni di appartenenza politica.<\/p><p data-pm-slice=\"1 1 []\">Le storie di<strong> antiche famiglie<\/strong>, tradimenti e alleanze prenderanno vita attraverso aneddoti avvincenti e dettagli storici, facendovi scoprire una Firenze diversa, cruda e autentica. Un vero salto nel passato, in un\u2019epoca in cui il potere si decideva con la spada e con astute alleanze politiche.<\/p><p data-pm-slice=\"1 1 []\">Un percorso ideale per chi desidera esplorare <strong>l\u2019anima medievale della citt\u00e0<\/strong>, dove ogni pietra racconta una <strong>storia<\/strong> di <strong>divisioni, passioni e trasformazioni.<\/strong><\/p><\/div><\/div><\/div><\/div>\t\t\t\t\t\t\t\t<\/div>\n\t\t\t\t<\/div>\n\t\t\t\t<\/div>\n\t\t\t\t<\/div>\n\t\t\t\t\t<\/div>\n\t\t\t\t<\/div>\n\t\t<div class=\"elementor-element elementor-element-cb5225d e-con-full e-flex e-con e-parent\" data-id=\"cb5225d\" data-element_type=\"container\">\n\t\t<div class=\"elementor-element elementor-element-6e379ac e-con-full e-flex e-con e-child\" data-id=\"6e379ac\" data-element_type=\"container\" data-settings=\"{&quot;background_background&quot;:&quot;classic&quot;}\">\n\t\t\t\t<\/div>\n\t\t\t\t<\/div>\n\t\t<div class=\"elementor-element elementor-element-e918608 e-flex e-con-boxed e-con e-parent\" data-id=\"e918608\" data-element_type=\"container\">\n\t\t\t\t\t<div class=\"e-con-inner\">\n\t\t<div class=\"elementor-element elementor-element-f02a0b4 e-con-full e-flex e-con e-child\" data-id=\"f02a0b4\" data-element_type=\"container\">\n\t\t<div class=\"elementor-element elementor-element-f3d5ab7 e-con-full e-flex e-con e-child\" data-id=\"f3d5ab7\" data-element_type=\"container\">\n\t\t\t\t<div class=\"elementor-element elementor-element-27f3ae4 elementor-widget elementor-widget-heading\" data-id=\"27f3ae4\" data-element_type=\"widget\" data-widget_type=\"heading.default\">\n\t\t\t\t<div class=\"elementor-widget-container\">\n\t\t\t\t\t<h2 class=\"elementor-heading-title elementor-size-default\">La Storia Medievale di Firenze<\/h2>\t\t\t\t<\/div>\n\t\t\t\t<\/div>\n\t\t\t\t<div class=\"elementor-element elementor-element-e983407 elementor-widget elementor-widget-text-editor\" data-id=\"e983407\" data-element_type=\"widget\" data-widget_type=\"text-editor.default\">\n\t\t\t\t<div class=\"elementor-widget-container\">\n\t\t\t\t\t\t\t\t\t<p data-pm-slice=\"1 1 []\">Tra il XIII e il XIV secolo, Firenze fu teatro di un lungo conflitto tra Guelfi e Ghibellini, due fazioni che si contendevano il controllo della citt\u00e0 e il potere politico. La rivalit\u00e0 raggiunse il suo apice con sanguinosi scontri che divisero intere famiglie e lasciarono segni profondi nella citt\u00e0. Le case-torri, alte e imponenti, divennero simboli di difesa e potere; molte di esse sono ancora visibili oggi, testimoni silenziose di quei giorni di lotta.<\/p>\t\t\t\t\t\t\t\t<\/div>\n\t\t\t\t<\/div>\n\t\t\t\t<div class=\"elementor-element elementor-element-33224bf elementor-widget elementor-widget-text-editor\" data-id=\"33224bf\" data-element_type=\"widget\" data-widget_type=\"text-editor.default\">\n\t\t\t\t<div class=\"elementor-widget-container\">\n\t\t\t\t\t\t\t\t\t<p data-pm-slice=\"1 1 []\">Nonostante le divisioni, questo periodo segn\u00f2 un fermento culturale e architettonico che avrebbe poi dato vita al Rinascimento. Ogni angolo di Firenze conserva ancora le tracce di questo Medioevo turbolento, in cui potere, fede e orgoglio familiare forgiarono il destino della citt\u00e0.<\/p>\t\t\t\t\t\t\t\t<\/div>\n\t\t\t\t<\/div>\n\t\t\t\t<\/div>\n\t\t\t\t<\/div>\n\t\t\t\t\t<\/div>\n\t\t\t\t<\/div>\n\t\t<div class=\"elementor-element elementor-element-cd8a550 e-flex e-con-boxed e-con e-parent\" data-id=\"cd8a550\" data-element_type=\"container\">\n\t\t\t\t\t<div class=\"e-con-inner\">\n\t\t<div class=\"elementor-element elementor-element-a12ffe3 e-con-full e-flex e-con e-child\" data-id=\"a12ffe3\" data-element_type=\"container\">\n\t\t\t\t<div class=\"elementor-element elementor-element-978c548 elementor-widget elementor-widget-heading\" data-id=\"978c548\" data-element_type=\"widget\" data-widget_type=\"heading.default\">\n\t\t\t\t<div class=\"elementor-widget-container\">\n\t\t\t\t\t<h2 class=\"elementor-heading-title elementor-size-default\">Foto Testimonianze<\/h2>\t\t\t\t<\/div>\n\t\t\t\t<\/div>\n\t\t\t\t<\/div>\n\t\t\t\t\t<\/div>\n\t\t\t\t<\/div>\n\t\t<div class=\"elementor-element elementor-element-6da23cb e-flex e-con-boxed e-con e-parent\" data-id=\"6da23cb\" data-element_type=\"container\">\n\t\t\t\t\t<div class=\"e-con-inner\">\n\t\t<div class=\"elementor-element elementor-element-fd140ad e-con-full e-flex e-con e-child\" data-id=\"fd140ad\" data-element_type=\"container\">\n\t\t<div class=\"elementor-element elementor-element-74d9140 e-con-full e-flex e-con e-child\" data-id=\"74d9140\" data-element_type=\"container\" data-settings=\"{&quot;background_background&quot;:&quot;classic&quot;}\">\n\t\t\t\t<\/div>\n\t\t<div class=\"elementor-element elementor-element-83d4a41 e-con-full e-flex e-con e-child\" data-id=\"83d4a41\" data-element_type=\"container\" data-settings=\"{&quot;background_background&quot;:&quot;classic&quot;}\">\n\t\t\t\t<\/div>\n\t\t<div class=\"elementor-element elementor-element-393f019 e-con-full e-flex e-con e-child\" data-id=\"393f019\" data-element_type=\"container\" data-settings=\"{&quot;background_background&quot;:&quot;classic&quot;}\">\n\t\t\t\t<\/div>\n\t\t\t\t<\/div>\n\t\t\t\t\t<\/div>\n\t\t\t\t<\/div>\n\t\t<div class=\"elementor-element elementor-element-af4b902 e-con-full e-flex e-con e-parent\" data-id=\"af4b902\" data-element_type=\"container\">\n\t\t<div class=\"elementor-element elementor-element-aecd3ed e-con-full e-flex e-con e-child\" data-id=\"aecd3ed\" data-element_type=\"container\">\n\t\t<div class=\"elementor-element elementor-element-3336bfe e-con-full e-flex e-con e-child\" data-id=\"3336bfe\" data-element_type=\"container\" data-settings=\"{&quot;background_background&quot;:&quot;classic&quot;}\">\n\t\t\t\t<div class=\"elementor-element elementor-element-21cfc57 elementor-widget elementor-widget-heading\" data-id=\"21cfc57\" data-element_type=\"widget\" data-widget_type=\"heading.default\">\n\t\t\t\t<div class=\"elementor-widget-container\">\n\t\t\t\t\t<h2 class=\"elementor-heading-title elementor-size-default\">Contattaci<\/h2>\t\t\t\t<\/div>\n\t\t\t\t<\/div>\n\t\t\t\t<div class=\"elementor-element elementor-element-c034f9a elementor-widget elementor-widget-text-editor\" data-id=\"c034f9a\" data-element_type=\"widget\" data-widget_type=\"text-editor.default\">\n\t\t\t\t<div class=\"elementor-widget-container\">\n\t\t\t\t\t\t\t\t\t<p>Riempi il modulo di contatto qui sotto per richiedere informazioni!<br \/>Utilizza il bottone Prenota Ora per prenotare online.<\/p>\t\t\t\t\t\t\t\t<\/div>\n\t\t\t\t<\/div>\n\t\t\t\t<div class=\"elementor-element elementor-element-047b17c elementor-widget elementor-widget-shortcode\" data-id=\"047b17c\" data-element_type=\"widget\" data-widget_type=\"shortcode.default\">\n\t\t\t\t<div class=\"elementor-widget-container\">\n\t\t\t\t\t\t\t<div class=\"elementor-shortcode\">\n<div class=\"wpcf7 no-js\" id=\"wpcf7-f1095-o1\" lang=\"it-IT\" dir=\"ltr\" data-wpcf7-id=\"1095\">\n<div class=\"screen-reader-response\"><p role=\"status\" aria-live=\"polite\" aria-atomic=\"true\"><\/p> <ul><\/ul><\/div>\n<form action=\"\/it\/wp-json\/wp\/v2\/pages\/8889#wpcf7-f1095-o1\" method=\"post\" class=\"wpcf7-form init\" aria-label=\"Modulo di contatto\" novalidate=\"novalidate\" data-status=\"init\">\n<div style=\"display: none;\">\n<input type=\"hidden\" name=\"_wpcf7\" value=\"1095\" \/>\n<input type=\"hidden\" name=\"_wpcf7_version\" value=\"6.0.6\" \/>\n<input type=\"hidden\" name=\"_wpcf7_locale\" value=\"it_IT\" \/>\n<input type=\"hidden\" name=\"_wpcf7_unit_tag\" value=\"wpcf7-f1095-o1\" \/>\n<input type=\"hidden\" name=\"_wpcf7_container_post\" value=\"0\" \/>\n<input type=\"hidden\" name=\"_wpcf7_posted_data_hash\" value=\"\" \/>\n<\/div>\n<div class=\"one-half\">\n\t<p><span style=\"color:white; font-size:16px; font-family:Inter;\">Nome *<\/span><br \/>\n<span class=\"wpcf7-form-control-wrap\" data-name=\"your-name\"><input size=\"40\" maxlength=\"400\" class=\"wpcf7-form-control wpcf7-text wpcf7-validates-as-required\" aria-required=\"true\" aria-invalid=\"false\" value=\"\" type=\"text\" name=\"your-name\" \/><\/span>\n\t<\/p>\n<\/div>\n<div class=\"one-half last\">\n\t<p><span style=\"color:white; font-size:16px; font-family:Inter;\">Cognome *<\/span><br \/>\n<span class=\"wpcf7-form-control-wrap\" data-name=\"your-surname\"><input size=\"40\" maxlength=\"400\" class=\"wpcf7-form-control wpcf7-text wpcf7-validates-as-required\" aria-required=\"true\" aria-invalid=\"false\" value=\"\" type=\"text\" name=\"your-surname\" \/><\/span>\n\t<\/p>\n<\/div>\n<div class=\"one-half\">\n\t<p><span style=\"color:white; font-size:16px; font-family:Inter;\">Email *<\/span><br \/>\n<span class=\"wpcf7-form-control-wrap\" data-name=\"your-email\"><input size=\"40\" maxlength=\"400\" class=\"wpcf7-form-control wpcf7-email wpcf7-validates-as-required wpcf7-text wpcf7-validates-as-email\" aria-required=\"true\" aria-invalid=\"false\" value=\"\" type=\"email\" name=\"your-email\" \/><\/span>\n\t<\/p>\n<\/div>\n<div class=\"one-half last\">\n\t<p><span style=\"color:white; font-size:16px; font-family:Inter;\">Telefono *<\/span><br \/>\n<span class=\"wpcf7-form-control-wrap\" data-name=\"your-tel\"><input size=\"40\" maxlength=\"400\" class=\"wpcf7-form-control wpcf7-text wpcf7-validates-as-required\" aria-required=\"true\" aria-invalid=\"false\" value=\"\" type=\"text\" name=\"your-tel\" \/><\/span>\n\t<\/p>\n<\/div>\n<div class=\"one-half\">\n\t<p><span style=\"color:white; font-size:16px; font-family:Inter;\">Numero adulti<\/span><br \/>\n<span class=\"wpcf7-form-control-wrap\" data-name=\"your-adulti\"><input size=\"40\" maxlength=\"400\" class=\"wpcf7-form-control wpcf7-text\" aria-invalid=\"false\" value=\"\" type=\"text\" name=\"your-adulti\" \/><\/span>\n\t<\/p>\n<\/div>\n<div class=\"one-half last\">\n\t<p><span style=\"color:white; font-size:16px; font-family:Inter;\">Numero bambini<\/span><br \/>\n<span class=\"wpcf7-form-control-wrap\" data-name=\"your-bambini\"><input size=\"40\" maxlength=\"400\" class=\"wpcf7-form-control wpcf7-text\" aria-invalid=\"false\" value=\"\" type=\"text\" name=\"your-bambini\" \/><\/span>\n\t<\/p>\n<\/div>\n<div class=\"one-third\">\n\t<p><span style=\"color:white; font-size:16px; font-family:Inter;\">Arrivo a Firenze:<\/span><span class=\"wpcf7-form-control-wrap\" data-name=\"your-dataarrivo\"><input class=\"wpcf7-form-control wpcf7-date wpcf7-validates-as-date\" aria-invalid=\"false\" value=\"\" type=\"date\" name=\"your-dataarrivo\" \/><\/span>\n\t<\/p>\n<\/div>\n<div class=\"one-third\">\n\t<p><span style=\"color:white; font-size:16px; font-family:Inter;\">Partenza da Firenze:<\/span><span class=\"wpcf7-form-control-wrap\" data-name=\"your-datapartenza\"><input class=\"wpcf7-form-control wpcf7-date wpcf7-validates-as-date\" aria-invalid=\"false\" value=\"\" type=\"date\" name=\"your-datapartenza\" \/><\/span>\n\t<\/p>\n<\/div>\n<div class=\"one-third last\">\n\t<p><span style=\"color:white; font-size:16px; font-family:Inter;\">Data preferita per il tour:<\/span><span class=\"wpcf7-form-control-wrap\" data-name=\"your-datatour\"><input class=\"wpcf7-form-control wpcf7-date wpcf7-validates-as-date\" aria-invalid=\"false\" value=\"\" type=\"date\" name=\"your-datatour\" \/><\/span>\n\t<\/p>\n<\/div>\n<p><span style=\"color:white; font-size:16px; font-family:Inter;\">Hai qualcosa da aggiungere?<\/span><br \/>\n<span class=\"wpcf7-form-control-wrap\" data-name=\"your-message\"><textarea cols=\"40\" rows=\"10\" maxlength=\"2000\" class=\"wpcf7-form-control wpcf7-textarea\" aria-invalid=\"false\" name=\"your-message\"><\/textarea><\/span>\n<\/p>\n<div style=\"margin:30px 0px 30px -15px;\">\n\t<p><span class=\"wpcf7-form-control-wrap\" data-name=\"accettazione\"><span class=\"wpcf7-form-control wpcf7-acceptance optional\"><span class=\"wpcf7-list-item\"><label><input type=\"checkbox\" name=\"accettazione\" value=\"1\" aria-invalid=\"false\" \/><span class=\"wpcf7-list-item-label\">Accetto il trattamento dei dati personali secondo la normativa privacy attualmente in vigore<\/span><\/label><\/span><\/span><\/span>\n\t<\/p>\n<\/div>\n<p><input class=\"wpcf7-form-control wpcf7-submit has-spinner\" type=\"submit\" value=\"Invia\" \/>\n<\/p><p style=\"display: none !important;\" class=\"akismet-fields-container\" data-prefix=\"_wpcf7_ak_\"><label>&#916;<textarea name=\"_wpcf7_ak_hp_textarea\" cols=\"45\" rows=\"8\" maxlength=\"100\"><\/textarea><\/label><input type=\"hidden\" id=\"ak_js_1\" name=\"_wpcf7_ak_js\" value=\"136\"\/><script>document.getElementById( \"ak_js_1\" ).setAttribute( \"value\", ( new Date() ).getTime() );<\/script><\/p><div class=\"wpcf7-response-output\" aria-hidden=\"true\"><\/div>\n<\/form>\n<\/div>\n<\/div>\n\t\t\t\t\t\t<\/div>\n\t\t\t\t<\/div>\n\t\t\t\t<\/div>\n\t\t\t\t<\/div>\n\t\t\t\t<\/div>\n\t\t\t\t<\/div>\n\t\t","protected":false},"excerpt":{"rendered":"<p>Gulefi e Ghibellini: il Medioevo a Firenze PRENOTA ORA Durata 2 ore A piedi Adatto ai Disabili Cosa \u00e8 incluso nel tour: Guida privata Itinerario incentrato esclusivamente sul medioevo Radio con pi\u00f9 di 6 persone Assistenza completa durante il tour Scopri il Medioevo a Firenze con Guided Florence Tours Scoprite uno dei periodi pi\u00f9 tumultuosi [&hellip;]<\/p>\n","protected":false},"author":1,"featured_media":0,"parent":8647,"menu_order":0,"comment_status":"closed","ping_status":"closed","template":"elementor_header_footer","meta":{"footnotes":""},"class_list":["post-8889","page","type-page","status-publish","hentry","entry"],"yoast_head":"<!-- This site is optimized with the Yoast SEO plugin v25.1 - https:\/\/yoast.com\/wordpress\/plugins\/seo\/ -->\n<title>Il Medioevo a Firenze: lotte e divisioni fra Guelfi e Ghibellini - Guided Florence Tours<\/title>\n<meta name=\"robots\" content=\"index, follow, max-snippet:-1, max-image-preview:large, max-video-preview:-1\" \/>\n<link rel=\"canonical\" href=\"https:\/\/www.guidedflorencetours.com\/private-tours\/the-middle-ages-in-florence-struggles-and-divisions-between-guelfs-and-ghibellines\/\" \/>\n<meta property=\"og:locale\" content=\"it_IT\" \/>\n<meta property=\"og:type\" content=\"article\" \/>\n<meta property=\"og:title\" content=\"Il Medioevo a Firenze: lotte e divisioni fra Guelfi e Ghibellini - Guided Florence Tours\" \/>\n<meta property=\"og:description\" content=\"Gulefi e Ghibellini: il Medioevo a Firenze PRENOTA ORA Durata 2 ore A piedi Adatto ai Disabili Cosa \u00e8 incluso nel tour: Guida privata Itinerario incentrato esclusivamente sul medioevo Radio con pi\u00f9 di 6 persone Assistenza completa durante il tour Scopri il Medioevo a Firenze con Guided Florence Tours Scoprite uno dei periodi pi\u00f9 tumultuosi [&hellip;]\" \/>\n<meta property=\"og:url\" content=\"https:\/\/www.guidedflorencetours.com\/private-tours\/the-middle-ages-in-florence-struggles-and-divisions-between-guelfs-and-ghibellines\/\" \/>\n<meta property=\"og:site_name\" content=\"Guided Florence Tours\" \/>\n<meta property=\"article:publisher\" content=\"https:\/\/www.facebook.com\/guidedflorencetours\/\" \/>\n<meta property=\"article:modified_time\" content=\"2026-03-04T16:15:20+00:00\" \/>\n<meta name=\"twitter:card\" content=\"summary_large_image\" \/>\n<script type=\"application\/ld+json\" class=\"yoast-schema-graph\">{\"@context\":\"https:\/\/schema.org\",\"@graph\":[{\"@type\":\"WebPage\",\"@id\":\"https:\/\/www.guidedflorencetours.com\/private-tours\/the-middle-ages-in-florence-struggles-and-divisions-between-guelfs-and-ghibellines\/\",\"url\":\"https:\/\/www.guidedflorencetours.com\/private-tours\/the-middle-ages-in-florence-struggles-and-divisions-between-guelfs-and-ghibellines\/\",\"name\":\"Il Medioevo a Firenze: lotte e divisioni fra Guelfi e Ghibellini - Guided Florence Tours\",\"isPartOf\":{\"@id\":\"https:\/\/www.guidedflorencetours.com\/it\/#website\"},\"datePublished\":\"2024-12-16T13:54:00+00:00\",\"dateModified\":\"2026-03-04T16:15:20+00:00\",\"breadcrumb\":{\"@id\":\"https:\/\/www.guidedflorencetours.com\/private-tours\/the-middle-ages-in-florence-struggles-and-divisions-between-guelfs-and-ghibellines\/#breadcrumb\"},\"inLanguage\":\"it-IT\",\"potentialAction\":[{\"@type\":\"ReadAction\",\"target\":[\"https:\/\/www.guidedflorencetours.com\/private-tours\/the-middle-ages-in-florence-struggles-and-divisions-between-guelfs-and-ghibellines\/\"]}]},{\"@type\":\"BreadcrumbList\",\"@id\":\"https:\/\/www.guidedflorencetours.com\/private-tours\/the-middle-ages-in-florence-struggles-and-divisions-between-guelfs-and-ghibellines\/#breadcrumb\",\"itemListElement\":[{\"@type\":\"ListItem\",\"position\":1,\"name\":\"Home\",\"item\":\"https:\/\/www.guidedflorencetours.com\/\"},{\"@type\":\"ListItem\",\"position\":2,\"name\":\"Tour privati\",\"item\":\"https:\/\/www.guidedflorencetours.com\/private-tours\/\"},{\"@type\":\"ListItem\",\"position\":3,\"name\":\"Il Medioevo a Firenze: lotte e divisioni fra Guelfi e Ghibellini\"}]},{\"@type\":\"WebSite\",\"@id\":\"https:\/\/www.guidedflorencetours.com\/it\/#website\",\"url\":\"https:\/\/www.guidedflorencetours.com\/it\/\",\"name\":\"Guided Florence Tours\",\"description\":\"Tour privati e di gruppo a Firenze\",\"publisher\":{\"@id\":\"https:\/\/www.guidedflorencetours.com\/it\/#organization\"},\"potentialAction\":[{\"@type\":\"SearchAction\",\"target\":{\"@type\":\"EntryPoint\",\"urlTemplate\":\"https:\/\/www.guidedflorencetours.com\/it\/?s={search_term_string}\"},\"query-input\":{\"@type\":\"PropertyValueSpecification\",\"valueRequired\":true,\"valueName\":\"search_term_string\"}}],\"inLanguage\":\"it-IT\"},{\"@type\":\"Organization\",\"@id\":\"https:\/\/www.guidedflorencetours.com\/it\/#organization\",\"name\":\"Guided Florence Tours\",\"url\":\"https:\/\/www.guidedflorencetours.com\/it\/\",\"logo\":{\"@type\":\"ImageObject\",\"inLanguage\":\"it-IT\",\"@id\":\"https:\/\/www.guidedflorencetours.com\/it\/#\/schema\/logo\/image\/\",\"url\":\"https:\/\/www.guidedflorencetours.com\/wp-content\/uploads\/2024\/10\/guided-florence-tours-g_2x.png\",\"contentUrl\":\"https:\/\/www.guidedflorencetours.com\/wp-content\/uploads\/2024\/10\/guided-florence-tours-g_2x.png\",\"width\":205,\"height\":50,\"caption\":\"Guided Florence Tours\"},\"image\":{\"@id\":\"https:\/\/www.guidedflorencetours.com\/it\/#\/schema\/logo\/image\/\"},\"sameAs\":[\"https:\/\/www.facebook.com\/guidedflorencetours\/\",\"https:\/\/www.instagram.com\/guided_florence_tours\/\"]}]}<\/script>\n<!-- \/ Yoast SEO plugin. -->","yoast_head_json":{"title":"Il Medioevo a Firenze: lotte e divisioni fra Guelfi e Ghibellini - Guided Florence Tours","robots":{"index":"index","follow":"follow","max-snippet":"max-snippet:-1","max-image-preview":"max-image-preview:large","max-video-preview":"max-video-preview:-1"},"canonical":"https:\/\/www.guidedflorencetours.com\/private-tours\/the-middle-ages-in-florence-struggles-and-divisions-between-guelfs-and-ghibellines\/","og_locale":"it_IT","og_type":"article","og_title":"Il Medioevo a Firenze: lotte e divisioni fra Guelfi e Ghibellini - Guided Florence Tours","og_description":"Gulefi e Ghibellini: il Medioevo a Firenze PRENOTA ORA Durata 2 ore A piedi Adatto ai Disabili Cosa \u00e8 incluso nel tour: Guida privata Itinerario incentrato esclusivamente sul medioevo Radio con pi\u00f9 di 6 persone Assistenza completa durante il tour Scopri il Medioevo a Firenze con Guided Florence Tours Scoprite uno dei periodi pi\u00f9 tumultuosi [&hellip;]","og_url":"https:\/\/www.guidedflorencetours.com\/private-tours\/the-middle-ages-in-florence-struggles-and-divisions-between-guelfs-and-ghibellines\/","og_site_name":"Guided Florence Tours","article_publisher":"https:\/\/www.facebook.com\/guidedflorencetours\/","article_modified_time":"2026-03-04T16:15:20+00:00","twitter_card":"summary_large_image","schema":{"@context":"https:\/\/schema.org","@graph":[{"@type":"WebPage","@id":"https:\/\/www.guidedflorencetours.com\/private-tours\/the-middle-ages-in-florence-struggles-and-divisions-between-guelfs-and-ghibellines\/","url":"https:\/\/www.guidedflorencetours.com\/private-tours\/the-middle-ages-in-florence-struggles-and-divisions-between-guelfs-and-ghibellines\/","name":"Il Medioevo a Firenze: lotte e divisioni fra Guelfi e Ghibellini - Guided Florence Tours","isPartOf":{"@id":"https:\/\/www.guidedflorencetours.com\/it\/#website"},"datePublished":"2024-12-16T13:54:00+00:00","dateModified":"2026-03-04T16:15:20+00:00","breadcrumb":{"@id":"https:\/\/www.guidedflorencetours.com\/private-tours\/the-middle-ages-in-florence-struggles-and-divisions-between-guelfs-and-ghibellines\/#breadcrumb"},"inLanguage":"it-IT","potentialAction":[{"@type":"ReadAction","target":["https:\/\/www.guidedflorencetours.com\/private-tours\/the-middle-ages-in-florence-struggles-and-divisions-between-guelfs-and-ghibellines\/"]}]},{"@type":"BreadcrumbList","@id":"https:\/\/www.guidedflorencetours.com\/private-tours\/the-middle-ages-in-florence-struggles-and-divisions-between-guelfs-and-ghibellines\/#breadcrumb","itemListElement":[{"@type":"ListItem","position":1,"name":"Home","item":"https:\/\/www.guidedflorencetours.com\/"},{"@type":"ListItem","position":2,"name":"Tour privati","item":"https:\/\/www.guidedflorencetours.com\/private-tours\/"},{"@type":"ListItem","position":3,"name":"Il Medioevo a Firenze: lotte e divisioni fra Guelfi e Ghibellini"}]},{"@type":"WebSite","@id":"https:\/\/www.guidedflorencetours.com\/it\/#website","url":"https:\/\/www.guidedflorencetours.com\/it\/","name":"Guided Florence Tours","description":"Tour privati e di gruppo a Firenze","publisher":{"@id":"https:\/\/www.guidedflorencetours.com\/it\/#organization"},"potentialAction":[{"@type":"SearchAction","target":{"@type":"EntryPoint","urlTemplate":"https:\/\/www.guidedflorencetours.com\/it\/?s={search_term_string}"},"query-input":{"@type":"PropertyValueSpecification","valueRequired":true,"valueName":"search_term_string"}}],"inLanguage":"it-IT"},{"@type":"Organization","@id":"https:\/\/www.guidedflorencetours.com\/it\/#organization","name":"Guided Florence Tours","url":"https:\/\/www.guidedflorencetours.com\/it\/","logo":{"@type":"ImageObject","inLanguage":"it-IT","@id":"https:\/\/www.guidedflorencetours.com\/it\/#\/schema\/logo\/image\/","url":"https:\/\/www.guidedflorencetours.com\/wp-content\/uploads\/2024\/10\/guided-florence-tours-g_2x.png","contentUrl":"https:\/\/www.guidedflorencetours.com\/wp-content\/uploads\/2024\/10\/guided-florence-tours-g_2x.png","width":205,"height":50,"caption":"Guided Florence Tours"},"image":{"@id":"https:\/\/www.guidedflorencetours.com\/it\/#\/schema\/logo\/image\/"},"sameAs":["https:\/\/www.facebook.com\/guidedflorencetours\/","https:\/\/www.instagram.com\/guided_florence_tours\/"]}]}},"_links":{"self":[{"href":"https:\/\/www.guidedflorencetours.com\/it\/wp-json\/wp\/v2\/pages\/8889","targetHints":{"allow":["GET"]}}],"collection":[{"href":"https:\/\/www.guidedflorencetours.com\/it\/wp-json\/wp\/v2\/pages"}],"about":[{"href":"https:\/\/www.guidedflorencetours.com\/it\/wp-json\/wp\/v2\/types\/page"}],"author":[{"embeddable":true,"href":"https:\/\/www.guidedflorencetours.com\/it\/wp-json\/wp\/v2\/users\/1"}],"replies":[{"embeddable":true,"href":"https:\/\/www.guidedflorencetours.com\/it\/wp-json\/wp\/v2\/comments?post=8889"}],"version-history":[{"count":5,"href":"https:\/\/www.guidedflorencetours.com\/it\/wp-json\/wp\/v2\/pages\/8889\/revisions"}],"predecessor-version":[{"id":15132,"href":"https:\/\/www.guidedflorencetours.com\/it\/wp-json\/wp\/v2\/pages\/8889\/revisions\/15132"}],"up":[{"embeddable":true,"href":"https:\/\/www.guidedflorencetours.com\/it\/wp-json\/wp\/v2\/pages\/8647"}],"wp:attachment":[{"href":"https:\/\/www.guidedflorencetours.com\/it\/wp-json\/wp\/v2\/media?parent=8889"}],"curies":[{"name":"wp","href":"https:\/\/api.w.org\/{rel}","templated":true}]}}